{"id":282,"date":"2016-05-16T10:37:32","date_gmt":"2016-05-16T10:37:32","guid":{"rendered":"http:\/\/ccej.weiter.ch\/?page_id=282&#038;lang=fr"},"modified":"2020-10-27T13:46:17","modified_gmt":"2020-10-27T13:46:17","slug":"faq","status":"publish","type":"page","link":"https:\/\/cckj.ch\/fr\/faq\/","title":{"rendered":"FAQ"},"content":{"rendered":"<div class=\"wpb-content-wrapper\"><p>[vc_row full_width=&#8221;stretch_row_content_no_spaces&#8221; full_height=&#8221;yes&#8221; css=&#8221;.vc_custom_1463576007670{background-position: center !important;background-repeat: no-repeat !important;background-size: cover !important;}&#8221; el_class=&#8221;headerpic&#8221;][vc_column][vc_single_image image=&#8221;2771&#8243; img_size=&#8221;full&#8221;][\/vc_column][\/vc_row][vc_row content_placement=&#8221;middle&#8221;][vc_column][vc_toggle title=&#8221;La Charte ne refl\u00e8te pas enti\u00e8rement les buts de notre association&#8221; el_id=&#8221;1461998065337-316560f7-d18a&#8221; css=&#8221;.vc_custom_1463558081929{padding-top: 50px !important;padding-bottom: 50px !important;}&#8221;]Ce n\u2019est pas le but de cette Charte. Celle-ci sert davantage de compl\u00e9ment aux \u00e9nonc\u00e9s qui pr\u00e9sentent votre organisation, telles que votre mission, votre vision ou votre confession de foi. La diversit\u00e9 des organisations chr\u00e9tiennes impliqu\u00e9es parmi les enfants et les jeunes est ainsi pr\u00e9serv\u00e9e.[\/vc_toggle][\/vc_column][\/vc_row][vc_row full_width=&#8221;stretch_row&#8221; content_placement=&#8221;middle&#8221; css=&#8221;.vc_custom_1462193842086{padding-top: 50px !important;padding-bottom: 50px !important;background-color: #e8e8e8 !important;}&#8221;][vc_column][vc_toggle title=&#8221;La Charte fait des compromis douteux et se conforme aux exigences de la soci\u00e9t\u00e9.&#8221; el_id=&#8221;1461998918246-fc2ab641-ae1b&#8221;]Le travail chr\u00e9tien parmi les enfants et les jeunes favorise le d\u00e9veloppement de la personne dans son ensemble. C\u2019est l\u2019affirmation centrale de la Charte. Ceci n\u2019est pas une d\u00e9formation de nos motivations, pour satisfaire \u00e0 la Loi sur l\u2019encouragement de l\u2019enfance et de la jeunesse (LEEJ) ; c\u2019est tout simplement une conviction profond\u00e9ment chr\u00e9tienne. A l\u2019image de J\u00e9sus, nous souhaitons nous impliquer pour le bien de la personne et de la soci\u00e9t\u00e9 dans son ensemble. La Charte est volontairement r\u00e9dig\u00e9 dans un vocabulaire compr\u00e9hensible \u00e0 tout un chacun, l\u2019objectif \u00e9tant que ses contenus soient aussi clairement compr\u00e9hensible par un public s\u00e9culier.[\/vc_toggle][\/vc_column][\/vc_row][vc_row content_placement=&#8221;middle&#8221; css=&#8221;.vc_custom_1462193783452{padding-top: 50px !important;padding-bottom: 50px !important;}&#8221;][vc_column][vc_toggle title=&#8221;Nous ne sommes pas engag\u00e9s dans la mise en \u0153uvre de l\u2019ensemble des buts pr\u00e9sent\u00e9s dans la Charte. Pouvons-nous tout de m\u00eame la signer?&#8221; el_id=&#8221;1462178734296-d1843713-0141&#8243;]Les contenus de la Charte servent de lignes directrices. Elle ne d\u00e9crit pas n\u00e9cessairement un \u00e9tat de fait, mais exige en revanche que l\u2019on soit en accord avec son contenu. Si tel est le cas, vous pouvez volontiers signer la Charte, m\u00eame si dans sa mise en \u0153uvre, vous identifiez encore une marge de progression.<br \/>\nPour les associations membres de AF+, les valeurs d\u00e9crites dans la CcEJ doivent \u00eatre effectives.[\/vc_toggle][\/vc_column][\/vc_row][vc_row full_width=&#8221;stretch_row&#8221; content_placement=&#8221;middle&#8221; css=&#8221;.vc_custom_1462193800963{padding-top: 50px !important;padding-bottom: 50px !important;background-color: #e8e8e8 !important;}&#8221;][vc_column][vc_toggle title=&#8221;Pourquoi la transmission de la foi ne repr\u00e9sente-t-elle qu\u2019un objectif sur quatre?&#8221; el_id=&#8221;1462179134433-99a276e9-d577&#8243;]Le travail chr\u00e9tien parmi les enfants et les jeunes souhaite contribuer au d\u00e9veloppement complet de la personnalit\u00e9 des jeunes, de leurs comp\u00e9tences sociales et de leur conscience environnementale. Pour les organisations chr\u00e9tiennes, la confrontation \u00e0 la foi chr\u00e9tienne fait partie de ce d\u00e9veloppement int\u00e9gral. Les questions touchant \u00e0 la foi et au sens de la vie touchent \u00e0 un besoin fondamental des enfants et des jeunes. Cette approche holistique se fonde profond\u00e9ment dans la foi chr\u00e9tienne. A l\u2019image de J\u00e9sus, nous voulons nous impliquer pour le bien de la personne dans son entier.[\/vc_toggle][\/vc_column][\/vc_row][vc_row content_placement=&#8221;middle&#8221; css=&#8221;.vc_custom_1462193853288{padding-top: 50px !important;padding-bottom: 50px !important;}&#8221;][vc_column][vc_toggle title=&#8221;Suis-je autoriser \u00e0 r\u00e9utiliser les contenus de la Charte?&#8221; el_id=&#8221;1462017062111-ccafbd27-d7ac&#8221;]Volontiers \u263a[\/vc_toggle][\/vc_column][\/vc_row]<\/p>\n<\/div>","protected":false},"excerpt":{"rendered":"<p>[vc_row full_width=&#8221;stretch_row_content_no_spaces&#8221; full_height=&#8221;yes&#8221; css=&#8221;.vc_custom_1463576007670{background-position: center !important;background-repeat: no-repeat !important;background-size: cover !important;}&#8221; el_class=&#8221;headerpic&#8221;][vc_column][vc_single_image image=&#8221;2771&#8243; img_size=&#8221;full&#8221;][\/vc_column][\/vc_row][vc_row content_placement=&#8221;middle&#8221;][vc_column][vc_toggle title=&#8221;La Charte ne refl\u00e8te pas enti\u00e8rement les buts de notre association&#8221; el_id=&#8221;1461998065337-316560f7-d18a&#8221; css=&#8221;.vc_custom_1463558081929{padding-top: 50px !important;padding-bottom: 50px !important;}&#8221;]Ce n\u2019est pas le but de cette Charte. Celle-ci sert davantage de compl\u00e9ment aux \u00e9nonc\u00e9s qui pr\u00e9sentent votre organisation, telles que votre mission, votre vision [&hellip;]<\/p>\n","protected":false},"author":1,"featured_media":0,"parent":0,"menu_order":0,"comment_status":"closed","ping_status":"closed","template":"","meta":{"_genesis_hide_title":false,"_genesis_hide_breadcrumbs":false,"_genesis_hide_singular_image":false,"_genesis_hide_footer_widgets":false,"_genesis_custom_body_class":"","_genesis_custom_post_class":"","_genesis_layout":"","footnotes":""},"class_list":{"0":"post-282","1":"page","2":"type-page","3":"status-publish","5":"entry","6":"override"},"_links":{"self":[{"href":"https:\/\/cckj.ch\/fr\/wp-json\/wp\/v2\/pages\/282","targetHints":{"allow":["GET"]}}],"collection":[{"href":"https:\/\/cckj.ch\/fr\/wp-json\/wp\/v2\/pages"}],"about":[{"href":"https:\/\/cckj.ch\/fr\/wp-json\/wp\/v2\/types\/page"}],"author":[{"embeddable":true,"href":"https:\/\/cckj.ch\/fr\/wp-json\/wp\/v2\/users\/1"}],"replies":[{"embeddable":true,"href":"https:\/\/cckj.ch\/fr\/wp-json\/wp\/v2\/comments?post=282"}],"version-history":[{"count":9,"href":"https:\/\/cckj.ch\/fr\/wp-json\/wp\/v2\/pages\/282\/revisions"}],"predecessor-version":[{"id":2773,"href":"https:\/\/cckj.ch\/fr\/wp-json\/wp\/v2\/pages\/282\/revisions\/2773"}],"wp:attachment":[{"href":"https:\/\/cckj.ch\/fr\/wp-json\/wp\/v2\/media?parent=282"}],"curies":[{"name":"wp","href":"https:\/\/api.w.org\/{rel}","templated":true}]}}